{"id":1059,"date":"2022-05-16T15:22:15","date_gmt":"2022-05-16T13:22:15","guid":{"rendered":"https:\/\/vancleven.be\/installations\/airco\/"},"modified":"2022-06-10T11:10:08","modified_gmt":"2022-06-10T09:10:08","slug":"air-conditionne","status":"publish","type":"page","link":"https:\/\/vancleven.be\/fr\/installations\/air-conditionne\/","title":{"rendered":"Air conditionn\u00e9"},"content":{"rendered":"<section class=\"l-section wpb_row us_custom_317d847f height_auto\"><div class=\"l-section-h i-cf\"><div class=\"g-cols vc_row via_flex valign_top type_default stacking_default\"><div class=\"vc_col-sm-12 wpb_column vc_column_container\"><div class=\"vc_column-inner\"><div class=\"wpb_wrapper\"><\/div><\/div><\/div><\/div><\/div><\/section><section class=\"l-section wpb_row height_medium\"><div class=\"l-section-h i-cf\"><div class=\"g-cols vc_row via_flex valign_top type_default stacking_default\"><div class=\"vc_col-sm-12 wpb_column vc_column_container\"><div class=\"vc_column-inner\"><div class=\"wpb_wrapper\"><div class=\"wpb_text_column us_custom_6745946f has_text_color\"><div class=\"wpb_wrapper\"><h1>Air conditionn\u00e9<\/h1>\n<\/div><\/div><div class=\"w-separator us_custom_29a0f245 margin0 size_small with_line width_50 thick_1 style_solid color_secondary align_center\"><div class=\"w-separator-h\"><\/div><\/div><\/div><\/div><\/div><div class=\"vc_col-sm-8 wpb_column vc_column_container\"><div class=\"vc_column-inner\"><div class=\"wpb_wrapper\"><div class=\"wpb_text_column us_custom_1e9d6bf7 has_text_color\"><div class=\"wpb_wrapper\"><h2>Un syst\u00e8me d\u2019air conditionn\u00e9 adapt\u00e9 \u00e0 chaque situation<\/h2>\n<\/div><\/div><div class=\"w-separator size_small\"><\/div><div class=\"wpb_text_column\"><div class=\"wpb_wrapper\"><p><strong>Sp\u00e9cialiste du traitement de l\u2019air et du refroidissement<\/strong>, <a href=\"https:\/\/vancleven.be\/fr\/\">Van Cleven, \u00e0 Hasselt<\/a>, est la bonne adresse pour trouver un syst\u00e8me d&rsquo;<strong>air conditionn\u00e9<\/strong>. Nous proposons des <strong>unit\u00e9s d\u2019air conditionn\u00e9<\/strong>, des <strong>installations de traitement de l\u2019air<\/strong> et des <strong>syst\u00e8mes de ventilation<\/strong> pour les entreprises industrielles, les magasins, l\u2019horeca et les bureaux.<\/p>\n<p>Quand de nombreuses personnes se trouvent dans une m\u00eame pi\u00e8ce, l\u2019air est lentement pollu\u00e9 par la respiration. Une grande partie de l\u2019oxyg\u00e8ne est consomm\u00e9 et une quantit\u00e9 importante de CO2 le remplace. \u00c0 la longue, cela peut provoquer des probl\u00e8mes de concentration, des maux de t\u00eate et autres. Avec une bonne ventilation, l\u2019air se renouvelle continuellement. Les probl\u00e8mes d\u2019humidit\u00e9 et la moisissure sont eux aussi \u00e9vit\u00e9s puisque le trop-plein d\u2019humidit\u00e9 est \u00e9vacu\u00e9.<\/p>\n<p>Van Cleven vend toutes sortes de <strong>syst\u00e8mes d\u2019air conditionn\u00e9<\/strong>, dans toutes les gammes de prix et adapt\u00e9s \u00e0 toutes les situations. Nous avons la solution tant pour les grands espaces industriels que pour les plus petits espaces commerciaux.<\/p>\n<p><strong>Besoin d\u2019un traitement de l\u2019air ou d\u2019une bonne ventilation ? T\u00e9l\u00e9phonez \u00e0 Van Cleven !<\/strong><\/p>\n<\/div><\/div><\/div><\/div><\/div><div class=\"vc_col-sm-4 wpb_column vc_column_container\"><div class=\"vc_column-inner\"><div class=\"wpb_wrapper\"><section class=\"l-section wpb_row height_auto\"><div class=\"l-section-h i-cf\"><div class=\"g-cols vc_row via_flex valign_top type_default stacking_default\" style=\"--additional-gap:10px;\"><div class=\"vc_col-sm-12 wpb_column vc_column_container has_bg_color\"><div class=\"vc_column-inner us_custom_a4c66758\"><div class=\"wpb_wrapper\"><div class=\"wpb_text_column us_custom_4e55af8d has_text_color\"><div class=\"wpb_wrapper\"><h2 class=\"smallsubtitle\">Pourquoi choisir Van Cleven ?<\/h2>\n<\/div><\/div><div class=\"w-separator size_small\"><\/div><div class=\"w-iconbox iconpos_left style_default color_primary align_left no_text\"><div class=\"w-iconbox-icon\" style=\"font-size:1rem;\"><i class=\"fas fa-check\"><\/i><\/div><div class=\"w-iconbox-meta\"><p class=\"w-iconbox-title\">Propre service de conception<\/p><\/div><\/div><div class=\"w-iconbox iconpos_left style_default color_primary align_left no_text\"><div class=\"w-iconbox-icon\" style=\"font-size:1rem;\"><i class=\"fas fa-check\"><\/i><\/div><div class=\"w-iconbox-meta\"><p class=\"w-iconbox-title\">Propre service de placement<\/p><\/div><\/div><div class=\"w-iconbox iconpos_left style_default color_primary align_left no_text\"><div class=\"w-iconbox-icon\" style=\"font-size:1rem;\"><i class=\"fas fa-check\"><\/i><\/div><div class=\"w-iconbox-meta\"><p class=\"w-iconbox-title\">Propre service de r\u00e9paration<\/p><\/div><\/div><\/div><\/div><\/div><div class=\"vc_col-sm-12 wpb_column vc_column_container\"><div class=\"vc_column-inner us_custom_8591a7b2\"><div class=\"wpb_wrapper\"><div class=\"w-btn-wrapper width_full\"><a class=\"w-btn us-btn-style_4 icon_atleft\" title=\"R\u00e9alisations\" href=\"http:\/\/vancleven.be\/fr\/realisations\/\"><i class=\"fas fa-chevron-right\"><\/i><span class=\"w-btn-label\">D\u00e9couvrez nos realisations<\/span><\/a><\/div><div class=\"w-btn-wrapper width_full\"><a class=\"w-btn us-btn-style_2 icon_atleft\" title=\"Contact\" href=\"http:\/\/vancleven.be\/fr\/contact\/\"><i class=\"fas fa-chevron-right\"><\/i><span class=\"w-btn-label\">Demandez votre devis<\/span><\/a><\/div><\/div><\/div><\/div><\/div><\/div><\/section>\n<\/div><\/div><\/div><\/div><\/div><\/section>\n","protected":false},"excerpt":{"rendered":"Air conditionn\u00e9 Un syst\u00e8me d\u2019air conditionn\u00e9 adapt\u00e9 \u00e0 chaque situation Sp\u00e9cialiste du traitement de l\u2019air et du refroidissement, Van Cleven, \u00e0 Hasselt, est la bonne adresse pour trouver un syst\u00e8me d&rsquo;air conditionn\u00e9. Nous proposons des unit\u00e9s d\u2019air conditionn\u00e9, des installations de traitement de l\u2019air et des syst\u00e8mes de ventilation pour les entreprises industrielles, les magasins,...","protected":false},"author":1,"featured_media":186,"parent":1004,"menu_order":2,"comment_status":"closed","ping_status":"closed","template":"","meta":{"footnotes":""},"class_list":["post-1059","page","type-page","status-publish","has-post-thumbnail","hentry"],"yoast_head":"<!-- This site is optimized with the Yoast SEO plugin v27.5 - https:\/\/yoast.com\/product\/yoast-seo-wordpress\/ -->\n<title>Syst\u00e8me d&#039;air conditionn\u00e9 | Van Cleven Refroidissemment<\/title>\n<meta name=\"description\" content=\"Van Cleven vend toutes sortes de syst\u00e8mes d\u2019air conditionn\u00e9, dans toutes les gammes de prix et adapt\u00e9s \u00e0 toutes les situations Nous avons la solution tant pour les grands espaces industriels que pour les plus petits espaces commerciaux\" \/>\n<meta name=\"robots\" content=\"index, follow, max-snippet:-1, max-image-preview:large, max-video-preview:-1\" \/>\n<link rel=\"canonical\" href=\"https:\/\/vancleven.be\/fr\/installations\/air-conditionne\/\" \/>\n<meta property=\"og:locale\" content=\"fr_FR\" \/>\n<meta property=\"og:type\" content=\"article\" \/>\n<meta property=\"og:title\" content=\"Syst\u00e8me d&#039;air conditionn\u00e9 | Van Cleven Refroidissemment\" \/>\n<meta property=\"og:description\" content=\"Van Cleven vend toutes sortes de syst\u00e8mes d\u2019air conditionn\u00e9, dans toutes les gammes de prix et adapt\u00e9s \u00e0 toutes les situations Nous avons la solution tant pour les grands espaces industriels que pour les plus petits espaces commerciaux\" \/>\n<meta property=\"og:url\" content=\"https:\/\/vancleven.be\/fr\/installations\/air-conditionne\/\" \/>\n<meta property=\"og:site_name\" content=\"Van Cleven\" \/>\n<meta property=\"article:modified_time\" content=\"2022-06-10T09:10:08+00:00\" \/>\n<meta property=\"og:image\" content=\"https:\/\/vancleven.be\/wp-content\/uploads\/2022\/05\/3.jpg\" \/>\n\t<meta property=\"og:image:width\" content=\"360\" \/>\n\t<meta property=\"og:image:height\" content=\"158\" \/>\n\t<meta property=\"og:image:type\" content=\"image\/jpeg\" \/>\n<meta name=\"twitter:card\" content=\"summary_large_image\" \/>\n<meta name=\"twitter:label1\" content=\"Dur\u00e9e de lecture est.\" \/>\n\t<meta name=\"twitter:data1\" content=\"1 minute\" \/>\n<script type=\"application\/ld+json\" class=\"yoast-schema-graph\">{\"@context\":\"https:\\\/\\\/schema.org\",\"@graph\":[{\"@type\":\"WebPage\",\"@id\":\"https:\\\/\\\/vancleven.be\\\/fr\\\/installations\\\/air-conditionne\\\/\",\"url\":\"https:\\\/\\\/vancleven.be\\\/fr\\\/installations\\\/air-conditionne\\\/\",\"name\":\"Syst\u00e8me d'air conditionn\u00e9 | Van Cleven Refroidissemment\",\"isPartOf\":{\"@id\":\"https:\\\/\\\/vancleven.be\\\/fr\\\/#website\"},\"primaryImageOfPage\":{\"@id\":\"https:\\\/\\\/vancleven.be\\\/fr\\\/installations\\\/air-conditionne\\\/#primaryimage\"},\"image\":{\"@id\":\"https:\\\/\\\/vancleven.be\\\/fr\\\/installations\\\/air-conditionne\\\/#primaryimage\"},\"thumbnailUrl\":\"https:\\\/\\\/vancleven.be\\\/wp-content\\\/uploads\\\/2022\\\/05\\\/3.jpg\",\"datePublished\":\"2022-05-16T13:22:15+00:00\",\"dateModified\":\"2022-06-10T09:10:08+00:00\",\"description\":\"Van Cleven vend toutes sortes de syst\u00e8mes d\u2019air conditionn\u00e9, dans toutes les gammes de prix et adapt\u00e9s \u00e0 toutes les situations Nous avons la solution tant pour les grands espaces industriels que pour les plus petits espaces commerciaux\",\"breadcrumb\":{\"@id\":\"https:\\\/\\\/vancleven.be\\\/fr\\\/installations\\\/air-conditionne\\\/#breadcrumb\"},\"inLanguage\":\"fr-BE\",\"potentialAction\":[{\"@type\":\"ReadAction\",\"target\":[\"https:\\\/\\\/vancleven.be\\\/fr\\\/installations\\\/air-conditionne\\\/\"]}]},{\"@type\":\"ImageObject\",\"inLanguage\":\"fr-BE\",\"@id\":\"https:\\\/\\\/vancleven.be\\\/fr\\\/installations\\\/air-conditionne\\\/#primaryimage\",\"url\":\"https:\\\/\\\/vancleven.be\\\/wp-content\\\/uploads\\\/2022\\\/05\\\/3.jpg\",\"contentUrl\":\"https:\\\/\\\/vancleven.be\\\/wp-content\\\/uploads\\\/2022\\\/05\\\/3.jpg\",\"width\":360,\"height\":158},{\"@type\":\"BreadcrumbList\",\"@id\":\"https:\\\/\\\/vancleven.be\\\/fr\\\/installations\\\/air-conditionne\\\/#breadcrumb\",\"itemListElement\":[{\"@type\":\"ListItem\",\"position\":1,\"name\":\"Home\",\"item\":\"https:\\\/\\\/vancleven.be\\\/fr\\\/\"},{\"@type\":\"ListItem\",\"position\":2,\"name\":\"Installations\",\"item\":\"https:\\\/\\\/vancleven.be\\\/fr\\\/installations\\\/\"},{\"@type\":\"ListItem\",\"position\":3,\"name\":\"Air conditionn\u00e9\"}]},{\"@type\":\"WebSite\",\"@id\":\"https:\\\/\\\/vancleven.be\\\/fr\\\/#website\",\"url\":\"https:\\\/\\\/vancleven.be\\\/fr\\\/\",\"name\":\"Van Cleven\",\"description\":\"\",\"potentialAction\":[{\"@type\":\"SearchAction\",\"target\":{\"@type\":\"EntryPoint\",\"urlTemplate\":\"https:\\\/\\\/vancleven.be\\\/fr\\\/?s={search_term_string}\"},\"query-input\":{\"@type\":\"PropertyValueSpecification\",\"valueRequired\":true,\"valueName\":\"search_term_string\"}}],\"inLanguage\":\"fr-BE\"}]}<\/script>\n<!-- \/ Yoast SEO plugin. -->","yoast_head_json":{"title":"Syst\u00e8me d'air conditionn\u00e9 | Van Cleven Refroidissemment","description":"Van Cleven vend toutes sortes de syst\u00e8mes d\u2019air conditionn\u00e9, dans toutes les gammes de prix et adapt\u00e9s \u00e0 toutes les situations Nous avons la solution tant pour les grands espaces industriels que pour les plus petits espaces commerciaux","robots":{"index":"index","follow":"follow","max-snippet":"max-snippet:-1","max-image-preview":"max-image-preview:large","max-video-preview":"max-video-preview:-1"},"canonical":"https:\/\/vancleven.be\/fr\/installations\/air-conditionne\/","og_locale":"fr_FR","og_type":"article","og_title":"Syst\u00e8me d'air conditionn\u00e9 | Van Cleven Refroidissemment","og_description":"Van Cleven vend toutes sortes de syst\u00e8mes d\u2019air conditionn\u00e9, dans toutes les gammes de prix et adapt\u00e9s \u00e0 toutes les situations Nous avons la solution tant pour les grands espaces industriels que pour les plus petits espaces commerciaux","og_url":"https:\/\/vancleven.be\/fr\/installations\/air-conditionne\/","og_site_name":"Van Cleven","article_modified_time":"2022-06-10T09:10:08+00:00","og_image":[{"width":360,"height":158,"url":"https:\/\/vancleven.be\/wp-content\/uploads\/2022\/05\/3.jpg","type":"image\/jpeg"}],"twitter_card":"summary_large_image","twitter_misc":{"Dur\u00e9e de lecture est.":"1 minute"},"schema":{"@context":"https:\/\/schema.org","@graph":[{"@type":"WebPage","@id":"https:\/\/vancleven.be\/fr\/installations\/air-conditionne\/","url":"https:\/\/vancleven.be\/fr\/installations\/air-conditionne\/","name":"Syst\u00e8me d'air conditionn\u00e9 | Van Cleven Refroidissemment","isPartOf":{"@id":"https:\/\/vancleven.be\/fr\/#website"},"primaryImageOfPage":{"@id":"https:\/\/vancleven.be\/fr\/installations\/air-conditionne\/#primaryimage"},"image":{"@id":"https:\/\/vancleven.be\/fr\/installations\/air-conditionne\/#primaryimage"},"thumbnailUrl":"https:\/\/vancleven.be\/wp-content\/uploads\/2022\/05\/3.jpg","datePublished":"2022-05-16T13:22:15+00:00","dateModified":"2022-06-10T09:10:08+00:00","description":"Van Cleven vend toutes sortes de syst\u00e8mes d\u2019air conditionn\u00e9, dans toutes les gammes de prix et adapt\u00e9s \u00e0 toutes les situations Nous avons la solution tant pour les grands espaces industriels que pour les plus petits espaces commerciaux","breadcrumb":{"@id":"https:\/\/vancleven.be\/fr\/installations\/air-conditionne\/#breadcrumb"},"inLanguage":"fr-BE","potentialAction":[{"@type":"ReadAction","target":["https:\/\/vancleven.be\/fr\/installations\/air-conditionne\/"]}]},{"@type":"ImageObject","inLanguage":"fr-BE","@id":"https:\/\/vancleven.be\/fr\/installations\/air-conditionne\/#primaryimage","url":"https:\/\/vancleven.be\/wp-content\/uploads\/2022\/05\/3.jpg","contentUrl":"https:\/\/vancleven.be\/wp-content\/uploads\/2022\/05\/3.jpg","width":360,"height":158},{"@type":"BreadcrumbList","@id":"https:\/\/vancleven.be\/fr\/installations\/air-conditionne\/#breadcrumb","itemListElement":[{"@type":"ListItem","position":1,"name":"Home","item":"https:\/\/vancleven.be\/fr\/"},{"@type":"ListItem","position":2,"name":"Installations","item":"https:\/\/vancleven.be\/fr\/installations\/"},{"@type":"ListItem","position":3,"name":"Air conditionn\u00e9"}]},{"@type":"WebSite","@id":"https:\/\/vancleven.be\/fr\/#website","url":"https:\/\/vancleven.be\/fr\/","name":"Van Cleven","description":"","potentialAction":[{"@type":"SearchAction","target":{"@type":"EntryPoint","urlTemplate":"https:\/\/vancleven.be\/fr\/?s={search_term_string}"},"query-input":{"@type":"PropertyValueSpecification","valueRequired":true,"valueName":"search_term_string"}}],"inLanguage":"fr-BE"}]}},"_links":{"self":[{"href":"https:\/\/vancleven.be\/fr\/wp-json\/wp\/v2\/pages\/1059","targetHints":{"allow":["GET"]}}],"collection":[{"href":"https:\/\/vancleven.be\/fr\/wp-json\/wp\/v2\/pages"}],"about":[{"href":"https:\/\/vancleven.be\/fr\/wp-json\/wp\/v2\/types\/page"}],"author":[{"embeddable":true,"href":"https:\/\/vancleven.be\/fr\/wp-json\/wp\/v2\/users\/1"}],"replies":[{"embeddable":true,"href":"https:\/\/vancleven.be\/fr\/wp-json\/wp\/v2\/comments?post=1059"}],"version-history":[{"count":4,"href":"https:\/\/vancleven.be\/fr\/wp-json\/wp\/v2\/pages\/1059\/revisions"}],"predecessor-version":[{"id":1239,"href":"https:\/\/vancleven.be\/fr\/wp-json\/wp\/v2\/pages\/1059\/revisions\/1239"}],"up":[{"embeddable":true,"href":"https:\/\/vancleven.be\/fr\/wp-json\/wp\/v2\/pages\/1004"}],"wp:featuredmedia":[{"embeddable":true,"href":"https:\/\/vancleven.be\/fr\/wp-json\/wp\/v2\/media\/186"}],"wp:attachment":[{"href":"https:\/\/vancleven.be\/fr\/wp-json\/wp\/v2\/media?parent=1059"}],"curies":[{"name":"wp","href":"https:\/\/api.w.org\/{rel}","templated":true}]}}