{"id":1068,"date":"2022-05-16T15:22:15","date_gmt":"2022-05-16T13:22:15","guid":{"rendered":"https:\/\/vancleven.be\/installations\/luchtbehandeling\/"},"modified":"2022-06-10T11:11:48","modified_gmt":"2022-06-10T09:11:48","slug":"traitement-de-lair","status":"publish","type":"page","link":"https:\/\/vancleven.be\/fr\/installations\/traitement-de-lair\/","title":{"rendered":"Traitement de l\u2019air"},"content":{"rendered":"<section class=\"l-section wpb_row us_custom_317d847f height_auto\"><div class=\"l-section-h i-cf\"><div class=\"g-cols vc_row via_flex valign_top type_default stacking_default\"><div class=\"vc_col-sm-12 wpb_column vc_column_container\"><div class=\"vc_column-inner\"><div class=\"wpb_wrapper\"><\/div><\/div><\/div><\/div><\/div><\/section><section class=\"l-section wpb_row height_medium\"><div class=\"l-section-h i-cf\"><div class=\"g-cols vc_row via_flex valign_top type_default stacking_default\"><div class=\"vc_col-sm-12 wpb_column vc_column_container\"><div class=\"vc_column-inner\"><div class=\"wpb_wrapper\"><div class=\"wpb_text_column us_custom_6745946f has_text_color\"><div class=\"wpb_wrapper\"><h1>Traitement de l\u2019air<\/h1>\n<\/div><\/div><div class=\"w-separator us_custom_29a0f245 margin0 size_small with_line width_50 thick_1 style_solid color_secondary align_center\"><div class=\"w-separator-h\"><\/div><\/div><\/div><\/div><\/div><div class=\"vc_col-sm-8 wpb_column vc_column_container\"><div class=\"vc_column-inner\"><div class=\"wpb_wrapper\"><div class=\"wpb_text_column us_custom_1e9d6bf7 has_text_color\"><div class=\"wpb_wrapper\"><h2>Le traitement de l\u2019air est notre sp\u00e9cialit\u00e9 depuis plus de 50 ans d\u00e9j\u00e0<\/h2>\n<\/div><\/div><div class=\"w-separator size_small\"><\/div><div class=\"wpb_text_column\"><div class=\"wpb_wrapper\"><p>L&rsquo;apport d\u2019air frais est important, partout, et \u00e0 tout moment. Les <strong>syst\u00e8mes de traitement de l\u2019air<\/strong> de l\u2019entreprise limbourgeoise Van Cleven (Hasselt) sont faciles \u00e0 utiliser et \u00e9conomiques et offrent toutes les possibilit\u00e9s souhait\u00e9es : chauffage, refroidissement et\/ou purification de l\u2019air, d\u00e9shumidification ou humidification, apport et \u00e9vacuation.<\/p>\n<p>Nos unit\u00e9s de traitement de l\u2019air s&rsquo;adaptent parfaitement \u00e0 la situation de l\u2019entreprise et \u00e0 l\u2019utilisation que vous voulez en faire et sont donc fabriqu\u00e9es dans les mesures et capacit\u00e9s adapt\u00e9es \u00e0 vos besoins. Que vous n\u2019ayez besoin que de ventilation ou que vous vouliez aussi r\u00e9gler pr\u00e9cis\u00e9ment la temp\u00e9rature, la purification de l\u2019air et le taux d\u2019humidit\u00e9 de la pi\u00e8ce, nos solutions fournissent un r\u00e9sultat optimal.<\/p>\n<p><strong>Pour un traitement de l&rsquo;air adapt\u00e9 \u00e0 vos proc\u00e9dures, <a href=\"https:\/\/vancleven.be\/fr\/contact\/\">contactez Van Cleven<\/a> !<\/strong><\/p>\n<\/div><\/div><\/div><\/div><\/div><div class=\"vc_col-sm-4 wpb_column vc_column_container\"><div class=\"vc_column-inner\"><div class=\"wpb_wrapper\"><section class=\"l-section wpb_row height_auto\"><div class=\"l-section-h i-cf\"><div class=\"g-cols vc_row via_flex valign_top type_default stacking_default\" style=\"--additional-gap:10px;\"><div class=\"vc_col-sm-12 wpb_column vc_column_container has_bg_color\"><div class=\"vc_column-inner us_custom_a4c66758\"><div class=\"wpb_wrapper\"><div class=\"wpb_text_column us_custom_4e55af8d has_text_color\"><div class=\"wpb_wrapper\"><h2 class=\"smallsubtitle\">Pourquoi choisir Van Cleven ?<\/h2>\n<\/div><\/div><div class=\"w-separator size_small\"><\/div><div class=\"w-iconbox iconpos_left style_default color_primary align_left no_text\"><div class=\"w-iconbox-icon\" style=\"font-size:1rem;\"><i class=\"fas fa-check\"><\/i><\/div><div class=\"w-iconbox-meta\"><p class=\"w-iconbox-title\">Propre service de conception<\/p><\/div><\/div><div class=\"w-iconbox iconpos_left style_default color_primary align_left no_text\"><div class=\"w-iconbox-icon\" style=\"font-size:1rem;\"><i class=\"fas fa-check\"><\/i><\/div><div class=\"w-iconbox-meta\"><p class=\"w-iconbox-title\">Propre service de placement<\/p><\/div><\/div><div class=\"w-iconbox iconpos_left style_default color_primary align_left no_text\"><div class=\"w-iconbox-icon\" style=\"font-size:1rem;\"><i class=\"fas fa-check\"><\/i><\/div><div class=\"w-iconbox-meta\"><p class=\"w-iconbox-title\">Propre service de r\u00e9paration<\/p><\/div><\/div><\/div><\/div><\/div><div class=\"vc_col-sm-12 wpb_column vc_column_container\"><div class=\"vc_column-inner us_custom_8591a7b2\"><div class=\"wpb_wrapper\"><div class=\"w-btn-wrapper width_full\"><a class=\"w-btn us-btn-style_4 icon_atleft\" title=\"R\u00e9alisations\" href=\"http:\/\/vancleven.be\/fr\/realisations\/\"><i class=\"fas fa-chevron-right\"><\/i><span class=\"w-btn-label\">D\u00e9couvrez nos realisations<\/span><\/a><\/div><div class=\"w-btn-wrapper width_full\"><a class=\"w-btn us-btn-style_2 icon_atleft\" title=\"Contact\" href=\"http:\/\/vancleven.be\/fr\/contact\/\"><i class=\"fas fa-chevron-right\"><\/i><span class=\"w-btn-label\">Demandez votre devis<\/span><\/a><\/div><\/div><\/div><\/div><\/div><\/div><\/section>\n<\/div><\/div><\/div><\/div><\/div><\/section>\n","protected":false},"excerpt":{"rendered":"Traitement de l\u2019air Le traitement de l\u2019air est notre sp\u00e9cialit\u00e9 depuis plus de 50 ans d\u00e9j\u00e0 L&rsquo;apport d\u2019air frais est important, partout, et \u00e0 tout moment. Les syst\u00e8mes de traitement de l\u2019air de l\u2019entreprise limbourgeoise Van Cleven (Hasselt) sont faciles \u00e0 utiliser et \u00e9conomiques et offrent toutes les possibilit\u00e9s souhait\u00e9es : chauffage, refroidissement et\/ou purification...","protected":false},"author":1,"featured_media":184,"parent":1004,"menu_order":3,"comment_status":"closed","ping_status":"closed","template":"","meta":{"footnotes":""},"class_list":["post-1068","page","type-page","status-publish","has-post-thumbnail","hentry"],"yoast_head":"<!-- This site is optimized with the Yoast SEO plugin v27.5 - https:\/\/yoast.com\/product\/yoast-seo-wordpress\/ -->\n<title>Traitement de l&#039;air | Van Cleven Refroidissemment<\/title>\n<meta name=\"description\" content=\"L apport d\u2019air frais est important, partout, et \u00e0 tout moment Les syst\u00e8mes de traitement de l\u2019air de l\u2019entreprise limbourgeoise Van Cleven Hasselt sont faciles \u00e0 utiliser et \u00e9conomiques et offrent toutes les possibilit\u00e9s souhait\u00e9es chauffage, refroidissement et ou purification de l\u2019air, d\u00e9shumidification ou humidification, apport et \u00e9vacuation\" \/>\n<meta name=\"robots\" content=\"index, follow, max-snippet:-1, max-image-preview:large, max-video-preview:-1\" \/>\n<link rel=\"canonical\" href=\"https:\/\/vancleven.be\/fr\/installations\/traitement-de-lair\/\" \/>\n<meta property=\"og:locale\" content=\"fr_FR\" \/>\n<meta property=\"og:type\" content=\"article\" \/>\n<meta property=\"og:title\" content=\"Traitement de l&#039;air | Van Cleven Refroidissemment\" \/>\n<meta property=\"og:description\" content=\"L apport d\u2019air frais est important, partout, et \u00e0 tout moment Les syst\u00e8mes de traitement de l\u2019air de l\u2019entreprise limbourgeoise Van Cleven Hasselt sont faciles \u00e0 utiliser et \u00e9conomiques et offrent toutes les possibilit\u00e9s souhait\u00e9es chauffage, refroidissement et ou purification de l\u2019air, d\u00e9shumidification ou humidification, apport et \u00e9vacuation\" \/>\n<meta property=\"og:url\" content=\"https:\/\/vancleven.be\/fr\/installations\/traitement-de-lair\/\" \/>\n<meta property=\"og:site_name\" content=\"Van Cleven\" \/>\n<meta property=\"article:modified_time\" content=\"2022-06-10T09:11:48+00:00\" \/>\n<meta property=\"og:image\" content=\"https:\/\/vancleven.be\/wp-content\/uploads\/2022\/05\/5.jpg\" \/>\n\t<meta property=\"og:image:width\" content=\"360\" \/>\n\t<meta property=\"og:image:height\" content=\"158\" \/>\n\t<meta property=\"og:image:type\" content=\"image\/jpeg\" \/>\n<meta name=\"twitter:card\" content=\"summary_large_image\" \/>\n<meta name=\"twitter:label1\" content=\"Dur\u00e9e de lecture est.\" \/>\n\t<meta name=\"twitter:data1\" content=\"1 minute\" \/>\n<script type=\"application\/ld+json\" class=\"yoast-schema-graph\">{\"@context\":\"https:\\\/\\\/schema.org\",\"@graph\":[{\"@type\":\"WebPage\",\"@id\":\"https:\\\/\\\/vancleven.be\\\/fr\\\/installations\\\/traitement-de-lair\\\/\",\"url\":\"https:\\\/\\\/vancleven.be\\\/fr\\\/installations\\\/traitement-de-lair\\\/\",\"name\":\"Traitement de l'air | Van Cleven Refroidissemment\",\"isPartOf\":{\"@id\":\"https:\\\/\\\/vancleven.be\\\/fr\\\/#website\"},\"primaryImageOfPage\":{\"@id\":\"https:\\\/\\\/vancleven.be\\\/fr\\\/installations\\\/traitement-de-lair\\\/#primaryimage\"},\"image\":{\"@id\":\"https:\\\/\\\/vancleven.be\\\/fr\\\/installations\\\/traitement-de-lair\\\/#primaryimage\"},\"thumbnailUrl\":\"https:\\\/\\\/vancleven.be\\\/wp-content\\\/uploads\\\/2022\\\/05\\\/5.jpg\",\"datePublished\":\"2022-05-16T13:22:15+00:00\",\"dateModified\":\"2022-06-10T09:11:48+00:00\",\"description\":\"L apport d\u2019air frais est important, partout, et \u00e0 tout moment Les syst\u00e8mes de traitement de l\u2019air de l\u2019entreprise limbourgeoise Van Cleven Hasselt sont faciles \u00e0 utiliser et \u00e9conomiques et offrent toutes les possibilit\u00e9s souhait\u00e9es chauffage, refroidissement et ou purification de l\u2019air, d\u00e9shumidification ou humidification, apport et \u00e9vacuation\",\"breadcrumb\":{\"@id\":\"https:\\\/\\\/vancleven.be\\\/fr\\\/installations\\\/traitement-de-lair\\\/#breadcrumb\"},\"inLanguage\":\"fr-BE\",\"potentialAction\":[{\"@type\":\"ReadAction\",\"target\":[\"https:\\\/\\\/vancleven.be\\\/fr\\\/installations\\\/traitement-de-lair\\\/\"]}]},{\"@type\":\"ImageObject\",\"inLanguage\":\"fr-BE\",\"@id\":\"https:\\\/\\\/vancleven.be\\\/fr\\\/installations\\\/traitement-de-lair\\\/#primaryimage\",\"url\":\"https:\\\/\\\/vancleven.be\\\/wp-content\\\/uploads\\\/2022\\\/05\\\/5.jpg\",\"contentUrl\":\"https:\\\/\\\/vancleven.be\\\/wp-content\\\/uploads\\\/2022\\\/05\\\/5.jpg\",\"width\":360,\"height\":158},{\"@type\":\"BreadcrumbList\",\"@id\":\"https:\\\/\\\/vancleven.be\\\/fr\\\/installations\\\/traitement-de-lair\\\/#breadcrumb\",\"itemListElement\":[{\"@type\":\"ListItem\",\"position\":1,\"name\":\"Home\",\"item\":\"https:\\\/\\\/vancleven.be\\\/fr\\\/\"},{\"@type\":\"ListItem\",\"position\":2,\"name\":\"Installations\",\"item\":\"https:\\\/\\\/vancleven.be\\\/fr\\\/installations\\\/\"},{\"@type\":\"ListItem\",\"position\":3,\"name\":\"Traitement de l\u2019air\"}]},{\"@type\":\"WebSite\",\"@id\":\"https:\\\/\\\/vancleven.be\\\/fr\\\/#website\",\"url\":\"https:\\\/\\\/vancleven.be\\\/fr\\\/\",\"name\":\"Van Cleven\",\"description\":\"\",\"potentialAction\":[{\"@type\":\"SearchAction\",\"target\":{\"@type\":\"EntryPoint\",\"urlTemplate\":\"https:\\\/\\\/vancleven.be\\\/fr\\\/?s={search_term_string}\"},\"query-input\":{\"@type\":\"PropertyValueSpecification\",\"valueRequired\":true,\"valueName\":\"search_term_string\"}}],\"inLanguage\":\"fr-BE\"}]}<\/script>\n<!-- \/ Yoast SEO plugin. -->","yoast_head_json":{"title":"Traitement de l'air | Van Cleven Refroidissemment","description":"L apport d\u2019air frais est important, partout, et \u00e0 tout moment Les syst\u00e8mes de traitement de l\u2019air de l\u2019entreprise limbourgeoise Van Cleven Hasselt sont faciles \u00e0 utiliser et \u00e9conomiques et offrent toutes les possibilit\u00e9s souhait\u00e9es chauffage, refroidissement et ou purification de l\u2019air, d\u00e9shumidification ou humidification, apport et \u00e9vacuation","robots":{"index":"index","follow":"follow","max-snippet":"max-snippet:-1","max-image-preview":"max-image-preview:large","max-video-preview":"max-video-preview:-1"},"canonical":"https:\/\/vancleven.be\/fr\/installations\/traitement-de-lair\/","og_locale":"fr_FR","og_type":"article","og_title":"Traitement de l'air | Van Cleven Refroidissemment","og_description":"L apport d\u2019air frais est important, partout, et \u00e0 tout moment Les syst\u00e8mes de traitement de l\u2019air de l\u2019entreprise limbourgeoise Van Cleven Hasselt sont faciles \u00e0 utiliser et \u00e9conomiques et offrent toutes les possibilit\u00e9s souhait\u00e9es chauffage, refroidissement et ou purification de l\u2019air, d\u00e9shumidification ou humidification, apport et \u00e9vacuation","og_url":"https:\/\/vancleven.be\/fr\/installations\/traitement-de-lair\/","og_site_name":"Van Cleven","article_modified_time":"2022-06-10T09:11:48+00:00","og_image":[{"width":360,"height":158,"url":"https:\/\/vancleven.be\/wp-content\/uploads\/2022\/05\/5.jpg","type":"image\/jpeg"}],"twitter_card":"summary_large_image","twitter_misc":{"Dur\u00e9e de lecture est.":"1 minute"},"schema":{"@context":"https:\/\/schema.org","@graph":[{"@type":"WebPage","@id":"https:\/\/vancleven.be\/fr\/installations\/traitement-de-lair\/","url":"https:\/\/vancleven.be\/fr\/installations\/traitement-de-lair\/","name":"Traitement de l'air | Van Cleven Refroidissemment","isPartOf":{"@id":"https:\/\/vancleven.be\/fr\/#website"},"primaryImageOfPage":{"@id":"https:\/\/vancleven.be\/fr\/installations\/traitement-de-lair\/#primaryimage"},"image":{"@id":"https:\/\/vancleven.be\/fr\/installations\/traitement-de-lair\/#primaryimage"},"thumbnailUrl":"https:\/\/vancleven.be\/wp-content\/uploads\/2022\/05\/5.jpg","datePublished":"2022-05-16T13:22:15+00:00","dateModified":"2022-06-10T09:11:48+00:00","description":"L apport d\u2019air frais est important, partout, et \u00e0 tout moment Les syst\u00e8mes de traitement de l\u2019air de l\u2019entreprise limbourgeoise Van Cleven Hasselt sont faciles \u00e0 utiliser et \u00e9conomiques et offrent toutes les possibilit\u00e9s souhait\u00e9es chauffage, refroidissement et ou purification de l\u2019air, d\u00e9shumidification ou humidification, apport et \u00e9vacuation","breadcrumb":{"@id":"https:\/\/vancleven.be\/fr\/installations\/traitement-de-lair\/#breadcrumb"},"inLanguage":"fr-BE","potentialAction":[{"@type":"ReadAction","target":["https:\/\/vancleven.be\/fr\/installations\/traitement-de-lair\/"]}]},{"@type":"ImageObject","inLanguage":"fr-BE","@id":"https:\/\/vancleven.be\/fr\/installations\/traitement-de-lair\/#primaryimage","url":"https:\/\/vancleven.be\/wp-content\/uploads\/2022\/05\/5.jpg","contentUrl":"https:\/\/vancleven.be\/wp-content\/uploads\/2022\/05\/5.jpg","width":360,"height":158},{"@type":"BreadcrumbList","@id":"https:\/\/vancleven.be\/fr\/installations\/traitement-de-lair\/#breadcrumb","itemListElement":[{"@type":"ListItem","position":1,"name":"Home","item":"https:\/\/vancleven.be\/fr\/"},{"@type":"ListItem","position":2,"name":"Installations","item":"https:\/\/vancleven.be\/fr\/installations\/"},{"@type":"ListItem","position":3,"name":"Traitement de l\u2019air"}]},{"@type":"WebSite","@id":"https:\/\/vancleven.be\/fr\/#website","url":"https:\/\/vancleven.be\/fr\/","name":"Van Cleven","description":"","potentialAction":[{"@type":"SearchAction","target":{"@type":"EntryPoint","urlTemplate":"https:\/\/vancleven.be\/fr\/?s={search_term_string}"},"query-input":{"@type":"PropertyValueSpecification","valueRequired":true,"valueName":"search_term_string"}}],"inLanguage":"fr-BE"}]}},"_links":{"self":[{"href":"https:\/\/vancleven.be\/fr\/wp-json\/wp\/v2\/pages\/1068","targetHints":{"allow":["GET"]}}],"collection":[{"href":"https:\/\/vancleven.be\/fr\/wp-json\/wp\/v2\/pages"}],"about":[{"href":"https:\/\/vancleven.be\/fr\/wp-json\/wp\/v2\/types\/page"}],"author":[{"embeddable":true,"href":"https:\/\/vancleven.be\/fr\/wp-json\/wp\/v2\/users\/1"}],"replies":[{"embeddable":true,"href":"https:\/\/vancleven.be\/fr\/wp-json\/wp\/v2\/comments?post=1068"}],"version-history":[{"count":4,"href":"https:\/\/vancleven.be\/fr\/wp-json\/wp\/v2\/pages\/1068\/revisions"}],"predecessor-version":[{"id":1242,"href":"https:\/\/vancleven.be\/fr\/wp-json\/wp\/v2\/pages\/1068\/revisions\/1242"}],"up":[{"embeddable":true,"href":"https:\/\/vancleven.be\/fr\/wp-json\/wp\/v2\/pages\/1004"}],"wp:featuredmedia":[{"embeddable":true,"href":"https:\/\/vancleven.be\/fr\/wp-json\/wp\/v2\/media\/184"}],"wp:attachment":[{"href":"https:\/\/vancleven.be\/fr\/wp-json\/wp\/v2\/media?parent=1068"}],"curies":[{"name":"wp","href":"https:\/\/api.w.org\/{rel}","templated":true}]}}